{"id":16,"date":"2020-10-01T15:10:19","date_gmt":"2020-10-01T13:10:19","guid":{"rendered":"https:\/\/migract.msh-vdl.fr\/?page_id=16"},"modified":"2025-12-26T20:13:48","modified_gmt":"2025-12-26T19:13:48","slug":"presentation-du-projet","status":"publish","type":"page","link":"https:\/\/migract.msh-vdl.fr\/?page_id=16","title":{"rendered":"MIGRACT 2023-2024"},"content":{"rendered":"<h1 style=\"text-align: center;\"><a href=\"https:\/\/migract.msh-vdl.fr\/wp-content\/uploads\/2021\/03\/MIGRACT-logo.jpg\"><img fetchpriority=\"high\" decoding=\"async\" class=\"alignnone size-full wp-image-622\" src=\"https:\/\/migract.msh-vdl.fr\/wp-content\/uploads\/2021\/03\/MIGRACT-logo.jpg\" alt=\"\" width=\"667\" height=\"307\" srcset=\"https:\/\/migract.msh-vdl.fr\/wp-content\/uploads\/2021\/03\/MIGRACT-logo.jpg 667w, https:\/\/migract.msh-vdl.fr\/wp-content\/uploads\/2021\/03\/MIGRACT-logo-300x138.jpg 300w\" sizes=\"(max-width: 667px) 100vw, 667px\" \/><\/a><\/h1>\n<p><span style=\"color: #3366ff;\"><strong>Projet de recherche interdisciplinaire et participatif\u00a0<\/strong><\/span><\/p>\n<p><span style=\"font-size: 1rem;\">Le climat social actuel montre qu\u2019il est urgent d&rsquo;ouvrir des espaces \u00e9ducatifs inclusifs, capables de r\u00e9duire les discriminations pour favoriser un accueil constructif des r\u00e9fugi\u00e9s et migrants.\u00a0<\/span><\/p>\n<p><span style=\"font-size: 1rem;\"><strong><span style=\"color: #3366ff;\">M\u00e9thode &#8211; \u00ab\u00a0<a href=\"https:\/\/en.wikipedia.org\/wiki\/Art-based_research#:~:text=The%20term%20was%20first%20coined,challenge%20human%20action%20and%20experience'.\"><span style=\"color: #3366ff;\">Art Based Research<\/span><\/a>\u00ab\u00a0<\/span><\/strong><span style=\"color: #3366ff;\"><span style=\"color: #000000;\"> (modalit\u00e9 de recherche \u00ab avec l\u2019art \u00bb qui permet d&rsquo;obtenir des informations sur des exp\u00e9riences et des ph\u00e9nom\u00e8nes <\/span><\/span><\/span><span style=\"color: #000000; font-size: 1rem;\">difficile<\/span><span style=\"font-size: 1rem;\"><span style=\"color: #3366ff;\"><span style=\"color: #000000;\">s \u00e0 d\u00e9crire avec des mots) :\u00a0<\/span> <\/span><span style=\"color: #3366ff;\"><span style=\"color: #000000;\">des<\/span> <\/span><\/span><span style=\"font-size: 1rem;\">ateliers de pratique artistiques donnent la parole aux diff\u00e9rents acteurs des milieux \u00e9ducatifs de mani\u00e8re ouverte et cr\u00e9ative. Les r\u00e9cits collect\u00e9s\u00a0<\/span><span style=\"font-size: 1rem;\">mettent les personnes en situation d\u2019autor\u00e9flexion sur les <\/span><span style=\"font-size: 1rem; color: #000000;\">moments constitutifs d&rsquo;un<\/span><span style=\"font-size: 1rem;\"> parcours de vie<\/span><span style=\"font-size: 1rem;\"> pour une co-construction de sens.\u00a0<\/span><\/p>\n<p><span style=\"font-size: 1rem;\"><strong><span style=\"color: #3366ff;\">Objectifs :<\/span> <\/strong>initier un dialogue inclusif et structurant qui interroge <\/span>les antagonismes et les complicit\u00e9s autour des <span style=\"font-size: 1rem;\">notions d\u2019identit\u00e9, de diversit\u00e9 et de culture.<\/span><\/p>\n<p><strong><span style=\"color: #3366ff;\">Pilote :<\/span> <\/strong>Genevi\u00e8ve Gu\u00e9temme (universit\u00e9 d&rsquo;Orl\u00e9ans &#8211; laboratoire REMELICE (UR &#8211; 4709)<\/p>\n<p><span style=\"color: #3366ff;\"><strong>Financement<\/strong> <\/span>: DRAC-Centre Val de Loire &#8211; 2023-2025<\/p>\n<p><strong><span style=\"color: #3366ff;\">Objectif\u00a0<\/span><\/strong>: aider\u00a0 les milieux \u00e9ducatifs \u00e0 accompagner les primo-arrivants.<\/p>\n<p><strong><span style=\"color: #3366ff;\">Publics cibl\u00e9s :<\/span><\/strong><\/p>\n<ul>\n<li><strong>Adolescents : <\/strong>mineurs isol\u00e9s accueillis par la Fondation des Apprentis d\u2019Auteuil au Ch\u00e2teau des Vaux (Eure et Loir)<\/li>\n<li><strong>Adultes<\/strong> inscrits au cours de fran\u00e7ais langue \u00e9trang\u00e8re (FLE) de l\u2019association Olivet-solidarit\u00e9 (Loiret)<\/li>\n<li><strong>Enfants<\/strong> en cours pr\u00e9paratoire (CP) de l&rsquo;\u00e9cole Denis Diderot (Orl\u00e9ans &#8211; La Source)<\/li>\n<\/ul>\n<p><span style=\"color: #000000;\"><strong><span style=\"color: #3366ff;\">Participants <\/span><span style=\"color: #000000;\">:\u00a0<\/span><\/strong><span style=\"color: #000000;\">enseignants, migrants, chercheurs, associatifs, \u00e9tudiants<\/span><\/span><\/p>\n<p><span style=\"color: #3366ff;\"><b>Champs de reherches en sciences humaines et sociale<\/b><\/span><\/p>\n<ul>\n<li><strong>tournant narratif\u00a0<\/strong><\/li>\n<li><strong>\u00e9tudes des<\/strong>\u00a0<strong>mobilit\u00e9s humaines transfrontali\u00e8res.<\/strong><\/li>\n<li><strong>r\u00e9cits de vie<\/strong><\/li>\n<li><strong>plurilinguisme\u00a0<\/strong><\/li>\n<li><strong><em>art based research<\/em> <\/strong>(<em>ABR<\/em>)<\/li>\n<\/ul>\n<p><span style=\"color: #3366ff;\"><strong>Enjeux<\/strong><\/span><\/p>\n<ul>\n<li><strong>artistiques<\/strong><\/li>\n<li><strong>\u00e9ducatifs<\/strong><\/li>\n<li><strong>\u00e9pisth\u00e9mologiques<\/strong><\/li>\n<\/ul>\n","protected":false},"excerpt":{"rendered":"<p>Projet de recherche interdisciplinaire et participatif\u00a0 Le climat social actuel montre qu\u2019il est urgent d&rsquo;ouvrir des espaces \u00e9ducatifs inclusifs, capables de r\u00e9duire les discriminations pour favoriser un accueil constructif des r\u00e9fugi\u00e9s et migrants.\u00a0 M\u00e9thode &#8211; \u00ab\u00a0Art Based Research\u00ab\u00a0 (modalit\u00e9 de recherche \u00ab avec l\u2019art \u00bb qui permet d&rsquo;obtenir des informations sur des exp\u00e9riences et des &hellip; <\/p>\n<p class=\"link-more\"><a href=\"https:\/\/migract.msh-vdl.fr\/?page_id=16\" class=\"more-link\">Continuer la lecture<span class=\"screen-reader-text\"> de &laquo;&nbsp;MIGRACT 2023-2024&nbsp;&raquo;<\/span><\/a><\/p>\n","protected":false},"author":2,"featured_media":0,"parent":0,"menu_order":0,"comment_status":"closed","ping_status":"closed","template":"","meta":{"_price":"","_stock":"","_tribe_ticket_header":"","_tribe_default_ticket_provider":"","_ticket_start_date":"","_ticket_end_date":"","_tribe_ticket_show_description":"","_tribe_ticket_show_not_going":false,"_tribe_ticket_use_global_stock":"","_tribe_ticket_global_stock_level":"","_global_stock_mode":"","_global_stock_cap":"","_tribe_rsvp_for_event":"","_tribe_ticket_going_count":"","_tribe_ticket_not_going_count":"","_tribe_tickets_list":"[]","_tribe_ticket_has_attendee_info_fields":false,"_mc_calendar":[],"footnotes":"","_tec_slr_enabled":"","_tec_slr_layout":""},"class_list":["post-16","page","type-page","status-publish","hentry"],"ticketed":false,"_links":{"self":[{"href":"https:\/\/migract.msh-vdl.fr\/index.php?rest_route=\/wp\/v2\/pages\/16","targetHints":{"allow":["GET"]}}],"collection":[{"href":"https:\/\/migract.msh-vdl.fr\/index.php?rest_route=\/wp\/v2\/pages"}],"about":[{"href":"https:\/\/migract.msh-vdl.fr\/index.php?rest_route=\/wp\/v2\/types\/page"}],"author":[{"embeddable":true,"href":"https:\/\/migract.msh-vdl.fr\/index.php?rest_route=\/wp\/v2\/users\/2"}],"replies":[{"embeddable":true,"href":"https:\/\/migract.msh-vdl.fr\/index.php?rest_route=%2Fwp%2Fv2%2Fcomments&post=16"}],"version-history":[{"count":89,"href":"https:\/\/migract.msh-vdl.fr\/index.php?rest_route=\/wp\/v2\/pages\/16\/revisions"}],"predecessor-version":[{"id":3150,"href":"https:\/\/migract.msh-vdl.fr\/index.php?rest_route=\/wp\/v2\/pages\/16\/revisions\/3150"}],"wp:attachment":[{"href":"https:\/\/migract.msh-vdl.fr\/index.php?rest_route=%2Fwp%2Fv2%2Fmedia&parent=16"}],"curies":[{"name":"wp","href":"https:\/\/api.w.org\/{rel}","templated":true}]}}